{"id":114,"date":"2026-08-01T12:59:38","date_gmt":"2026-08-01T12:59:38","guid":{"rendered":"https:\/\/gravano.fr\/style\/product\/la-ceinture-boucle-chromee\/"},"modified":"2026-08-06T18:45:30","modified_gmt":"2026-08-06T18:45:30","slug":"la-ceinture-boucle-chromee","status":"publish","type":"product","link":"https:\/\/gravano.fr\/style\/de\/product\/la-ceinture-boucle-chromee\/","title":{"rendered":"Der G\u00fcrtel \u2013 verchromte Schnalle"},"content":{"rendered":"<p>Cuir noir souple, boucle rectangulaire chrom\u00e9e \u00e0 r\u00e9glage automatique. Silhouette plus l\u00e9g\u00e8re que notre premi\u00e8re ceinture, pens\u00e9e pour les tenues ajust\u00e9es. Ni logo ni fioriture \u2014 juste une plaque lisse et un cuir qui prend le pli avec le temps.<\/p>","protected":false},"excerpt":{"rendered":"<p>Feiner, sch\u00e4rfer \u2013 f\u00fcr Tage, an denen es auf jedes Detail ankommt.<\/p>","protected":false},"featured_media":119,"comment_status":"open","ping_status":"closed","template":"","meta":[],"product_brand":[],"product_cat":[730],"product_tag":[],"class_list":["post-114","product","type-product","status-publish","has-post-thumbnail","product_cat-accessoires","first","instock","shipping-taxable","purchasable","product-type-simple"],"_links":{"self":[{"href":"https:\/\/gravano.fr\/style\/de\/wp-json\/wp\/v2\/product\/114","targetHints":{"allow":["GET"]}}],"collection":[{"href":"https:\/\/gravano.fr\/style\/de\/wp-json\/wp\/v2\/product"}],"about":[{"href":"https:\/\/gravano.fr\/style\/de\/wp-json\/wp\/v2\/types\/product"}],"replies":[{"embeddable":true,"href":"https:\/\/gravano.fr\/style\/de\/wp-json\/wp\/v2\/comments?post=114"}],"wp:featuredmedia":[{"embeddable":true,"href":"https:\/\/gravano.fr\/style\/de\/wp-json\/wp\/v2\/media\/119"}],"wp:attachment":[{"href":"https:\/\/gravano.fr\/style\/de\/wp-json\/wp\/v2\/media?parent=114"}],"wp:term":[{"taxonomy":"product_brand","embeddable":true,"href":"https:\/\/gravano.fr\/style\/de\/wp-json\/wp\/v2\/product_brand?post=114"},{"taxonomy":"product_cat","embeddable":true,"href":"https:\/\/gravano.fr\/style\/de\/wp-json\/wp\/v2\/product_cat?post=114"},{"taxonomy":"product_tag","embeddable":true,"href":"https:\/\/gravano.fr\/style\/de\/wp-json\/wp\/v2\/product_tag?post=114"}],"curies":[{"name":"wp","href":"https:\/\/api.w.org\/{rel}","templated":true}]}}