{"id":183,"date":"2026-08-03T08:12:45","date_gmt":"2026-08-03T08:12:45","guid":{"rendered":"https:\/\/gravano.fr\/style\/product\/le-haut-lin-blanc-manches-longues\/"},"modified":"2026-08-06T18:45:30","modified_gmt":"2026-08-06T18:45:30","slug":"le-haut-lin-blanc-manches-longues","status":"publish","type":"product","link":"https:\/\/gravano.fr\/style\/de\/product\/le-haut-lin-blanc-manches-longues\/","title":{"rendered":"Das Oberteil \u2013 Leinen, wei\u00df, mit langen \u00c4rmeln"},"content":{"rendered":"<p>Lin blanc, coupe fluide, poche plaqu\u00e9e, rien de superflu. Un haut qui se glisse sous une veste l\u00e9g\u00e8re ou se porte seul quand la journ\u00e9e se pr\u00eate \u00e0 la douceur. Blanc et net, il fait briller le reste et redevient la base d\u2019un vestiaire clair et serein.<\/p>","protected":false},"excerpt":{"rendered":"<p>Lin blanc, coupe fluide, poche plaqu\u00e9e, rien de superflu. Un haut qui se glisse sous une veste l\u00e9g\u00e8re ou se porte seul quand la journ\u00e9e se pr\u00eate \u00e0 la douceur. Blanc et net, il fait briller le reste et redevient la base d\u2019un vestiaire clair et serein.<\/p>","protected":false},"featured_media":235,"comment_status":"open","ping_status":"closed","template":"","meta":[],"product_brand":[],"product_cat":[18],"product_tag":[],"class_list":["post-183","product","type-product","status-publish","has-post-thumbnail","product_cat-fond-de-garde-robe","first","instock","shipping-taxable","purchasable","product-type-simple"],"_links":{"self":[{"href":"https:\/\/gravano.fr\/style\/de\/wp-json\/wp\/v2\/product\/183","targetHints":{"allow":["GET"]}}],"collection":[{"href":"https:\/\/gravano.fr\/style\/de\/wp-json\/wp\/v2\/product"}],"about":[{"href":"https:\/\/gravano.fr\/style\/de\/wp-json\/wp\/v2\/types\/product"}],"replies":[{"embeddable":true,"href":"https:\/\/gravano.fr\/style\/de\/wp-json\/wp\/v2\/comments?post=183"}],"wp:featuredmedia":[{"embeddable":true,"href":"https:\/\/gravano.fr\/style\/de\/wp-json\/wp\/v2\/media\/235"}],"wp:attachment":[{"href":"https:\/\/gravano.fr\/style\/de\/wp-json\/wp\/v2\/media?parent=183"}],"wp:term":[{"taxonomy":"product_brand","embeddable":true,"href":"https:\/\/gravano.fr\/style\/de\/wp-json\/wp\/v2\/product_brand?post=183"},{"taxonomy":"product_cat","embeddable":true,"href":"https:\/\/gravano.fr\/style\/de\/wp-json\/wp\/v2\/product_cat?post=183"},{"taxonomy":"product_tag","embeddable":true,"href":"https:\/\/gravano.fr\/style\/de\/wp-json\/wp\/v2\/product_tag?post=183"}],"curies":[{"name":"wp","href":"https:\/\/api.w.org\/{rel}","templated":true}]}}