{"id":279,"date":"2026-08-04T12:48:20","date_gmt":"2026-08-04T12:48:20","guid":{"rendered":"https:\/\/gravano.fr\/style\/product\/le-polo-maille-fine-noir\/"},"modified":"2026-08-06T18:45:30","modified_gmt":"2026-08-06T18:45:30","slug":"le-polo-maille-fine-noir","status":"publish","type":"product","link":"https:\/\/gravano.fr\/style\/de\/product\/le-polo-maille-fine-noir\/","title":{"rendered":"Das Polohemd \u2013 feines Strickgewebe, schwarz"},"content":{"rendered":"<p>Le polo en maille fine noire, la pi\u00e8ce d&rsquo;\u00e9t\u00e9 qui ne joue jamais les pauvres. Un tricot l\u00e9ger et respirant, c\u00f4tel\u00e9 en relief, qui tombe net sur la silhouette sans coller. Col classique, trois boutons ton sur ton, finitions propres. On l&rsquo;enfile seul au soleil, ou sous un blazer de lin quand la soir\u00e9e monte d&rsquo;un cran. Sobre, chic, taill\u00e9 pour durer \u2014 le genre de maille qu&rsquo;on ressort tout l&rsquo;\u00e9t\u00e9 sans jamais se lasser.<\/p>","protected":false},"excerpt":{"rendered":"<p>Le polo en maille fine noire, la pi\u00e8ce d&rsquo;\u00e9t\u00e9 qui ne joue jamais les pauvres. Un tricot l\u00e9ger et respirant, c\u00f4tel\u00e9 en relief, qui tombe net sur la silhouette sans coller. Col classique, trois boutons ton sur ton, finitions propres. On l&rsquo;enfile seul au soleil, ou sous un blazer de lin quand la soir\u00e9e monte [&hellip;]<\/p>\n","protected":false},"featured_media":278,"comment_status":"open","ping_status":"closed","template":"","meta":[],"product_brand":[],"product_cat":[19],"product_tag":[],"class_list":["post-279","product","type-product","status-publish","has-post-thumbnail","product_cat-maille","first","instock","shipping-taxable","purchasable","product-type-simple"],"_links":{"self":[{"href":"https:\/\/gravano.fr\/style\/de\/wp-json\/wp\/v2\/product\/279","targetHints":{"allow":["GET"]}}],"collection":[{"href":"https:\/\/gravano.fr\/style\/de\/wp-json\/wp\/v2\/product"}],"about":[{"href":"https:\/\/gravano.fr\/style\/de\/wp-json\/wp\/v2\/types\/product"}],"replies":[{"embeddable":true,"href":"https:\/\/gravano.fr\/style\/de\/wp-json\/wp\/v2\/comments?post=279"}],"wp:featuredmedia":[{"embeddable":true,"href":"https:\/\/gravano.fr\/style\/de\/wp-json\/wp\/v2\/media\/278"}],"wp:attachment":[{"href":"https:\/\/gravano.fr\/style\/de\/wp-json\/wp\/v2\/media?parent=279"}],"wp:term":[{"taxonomy":"product_brand","embeddable":true,"href":"https:\/\/gravano.fr\/style\/de\/wp-json\/wp\/v2\/product_brand?post=279"},{"taxonomy":"product_cat","embeddable":true,"href":"https:\/\/gravano.fr\/style\/de\/wp-json\/wp\/v2\/product_cat?post=279"},{"taxonomy":"product_tag","embeddable":true,"href":"https:\/\/gravano.fr\/style\/de\/wp-json\/wp\/v2\/product_tag?post=279"}],"curies":[{"name":"wp","href":"https:\/\/api.w.org\/{rel}","templated":true}]}}