{"id":185,"date":"2026-08-03T08:12:46","date_gmt":"2026-08-03T08:12:46","guid":{"rendered":"https:\/\/gravano.fr\/style\/product\/le-haut-lin-ecru-col-arrondi\/"},"modified":"2026-08-06T18:45:30","modified_gmt":"2026-08-06T18:45:30","slug":"le-haut-lin-ecru-col-arrondi","status":"publish","type":"product","link":"https:\/\/gravano.fr\/style\/product\/le-haut-lin-ecru-col-arrondi\/","title":{"rendered":"Le Haut \u2014 lin, \u00e9cru, col arrondi"},"content":{"rendered":"<p>\u00c9cru naturel, lin respirant, ouverture souple. Un haut doux \u00e0 l\u2019\u0153il comme sur la peau, pens\u00e9 pour \u00eatre port\u00e9 pr\u00e8s du corps en toute l\u00e9g\u00e8ret\u00e9. La pi\u00e8ce discr\u00e8te qui pose le d\u00e9cor et laisse la place \u00e0 la sobri\u00e9t\u00e9. Pour les jours o\u00f9 on aime \u00eatre simplement bien.<\/p>\n","protected":false},"excerpt":{"rendered":"<p>\u00c9cru naturel, lin respirant, ouverture souple. Un haut doux \u00e0 l\u2019\u0153il comme sur la peau, pens\u00e9 pour \u00eatre port\u00e9 pr\u00e8s du corps en toute l\u00e9g\u00e8ret\u00e9. La pi\u00e8ce discr\u00e8te qui pose le d\u00e9cor et laisse la place \u00e0 la sobri\u00e9t\u00e9. Pour les jours o\u00f9 on aime \u00eatre simplement bien.<\/p>\n","protected":false},"featured_media":236,"comment_status":"open","ping_status":"closed","template":"","meta":[],"product_brand":[],"product_cat":[18],"product_tag":[],"class_list":["post-185","product","type-product","status-publish","has-post-thumbnail","product_cat-fond-de-garde-robe","first","instock","shipping-taxable","purchasable","product-type-simple"],"_links":{"self":[{"href":"https:\/\/gravano.fr\/style\/wp-json\/wp\/v2\/product\/185","targetHints":{"allow":["GET"]}}],"collection":[{"href":"https:\/\/gravano.fr\/style\/wp-json\/wp\/v2\/product"}],"about":[{"href":"https:\/\/gravano.fr\/style\/wp-json\/wp\/v2\/types\/product"}],"replies":[{"embeddable":true,"href":"https:\/\/gravano.fr\/style\/wp-json\/wp\/v2\/comments?post=185"}],"wp:featuredmedia":[{"embeddable":true,"href":"https:\/\/gravano.fr\/style\/wp-json\/wp\/v2\/media\/236"}],"wp:attachment":[{"href":"https:\/\/gravano.fr\/style\/wp-json\/wp\/v2\/media?parent=185"}],"wp:term":[{"taxonomy":"product_brand","embeddable":true,"href":"https:\/\/gravano.fr\/style\/wp-json\/wp\/v2\/product_brand?post=185"},{"taxonomy":"product_cat","embeddable":true,"href":"https:\/\/gravano.fr\/style\/wp-json\/wp\/v2\/product_cat?post=185"},{"taxonomy":"product_tag","embeddable":true,"href":"https:\/\/gravano.fr\/style\/wp-json\/wp\/v2\/product_tag?post=185"}],"curies":[{"name":"wp","href":"https:\/\/api.w.org\/{rel}","templated":true}]}}